{"id":241,"date":"2022-06-06T18:47:43","date_gmt":"2022-06-06T18:47:43","guid":{"rendered":"https:\/\/alumniberoleon.org\/?page_id=241"},"modified":"2022-06-29T13:01:11","modified_gmt":"2022-06-29T19:01:11","slug":"voluntariado","status":"publish","type":"page","link":"https:\/\/alumniberoleon.org\/index.php\/voluntariado\/","title":{"rendered":"Voluntariado"},"content":{"rendered":"\t\t<div data-elementor-type=\"wp-page\" data-elementor-id=\"241\" class=\"elementor elementor-241\">\n\t\t\t\t\t\t<section class=\"elementor-section elementor-top-section elementor-element elementor-element-9715b90 elementor-section-full_width elementor-section-height-default elementor-section-height-default\" data-id=\"9715b90\" data-element_type=\"section\">\n\t\t\t\t\t\t<div class=\"elementor-container elementor-column-gap-default\">\n\t\t\t\t\t<div class=\"elementor-column elementor-col-100 elementor-top-column elementor-element elementor-element-e9b74fe\" data-id=\"e9b74fe\" data-element_type=\"column\">\n\t\t\t<div class=\"elementor-widget-wrap elementor-element-populated\">\n\t\t\t\t\t\t<section class=\"elementor-section elementor-inner-section elementor-element elementor-element-f3b49ac elementor-section-boxed elementor-section-height-default elementor-section-height-default\" data-id=\"f3b49ac\" data-element_type=\"section\">\n\t\t\t\t\t\t<div class=\"elementor-container elementor-column-gap-default\">\n\t\t\t\t\t<div class=\"elementor-column elementor-col-100 elementor-inner-column elementor-element elementor-element-6809136\" data-id=\"6809136\" data-element_type=\"column\">\n\t\t\t<div class=\"elementor-widget-wrap elementor-element-populated\">\n\t\t\t\t\t\t<div class=\"elementor-element elementor-element-856ba6b elementor-widget elementor-widget-heading\" data-id=\"856ba6b\" data-element_type=\"widget\" data-widget_type=\"heading.default\">\n\t\t\t\t\t<h1 class=\"elementor-heading-title elementor-size-default\">Voluntariado y servicio<\/h1>\t\t\t\t<\/div>\n\t\t\t\t\t<\/div>\n\t\t<\/div>\n\t\t\t\t\t<\/div>\n\t\t<\/section>\n\t\t\t\t<div class=\"elementor-element elementor-element-2dd11e1 bdt-navigation-type-none elementor-widget elementor-widget-bdt-advanced-image-gallery\" data-id=\"2dd11e1\" data-element_type=\"widget\" data-widget_type=\"bdt-advanced-image-gallery.bdt-carousel\">\n\t\t\t\t<div class=\"elementor-widget-container\">\n\t\t\t\t\t\t\t<div class=\"  \" data-bdt-slider=\"{&quot;autoplay&quot;:false,&quot;autoplay-interval&quot;:null,&quot;finite&quot;:false,&quot;pause-on-hover&quot;:true,&quot;center&quot;:false,&quot;sets&quot;:false}\">\r\n\t\t\t<div id=\"bdt-avdg-2dd11e1\" class=\"bdt-advanced-image-gallery bdt-skin-carousel bdt-grid bdt-grid-small bdt-slider-items bdt-child-width-1- bdt-child-width-1-@s bdt-child-width-1-4@m\" data-bdt-grid=\"\" data-settings=\"{&quot;id&quot;:&quot;#bdt-avdg-2dd11e1&quot;,&quot;tiltShow&quot;:true}\">\r\n\t\t\t\t\t\t\r\n\t\t\t<div class=\"bdt-gallery-item bdt-transition-toggle\">\r\n\t\t\t\t<div class=\"bdt-advanced-image-gallery-inner bdt-image-mask\" data-tilt=\"\">\r\n\t\t\t\t\t<div class=\"bdt-gallery-thumbnail bdt-transition-toggle\">\n\t\t\t<img decoding=\"async\"  src=\"https:\/\/alumniberoleon.org\/wp-content\/uploads\/2022\/06\/04.jpg\" alt=\"Voluntariado en M\u00e9xico\" class=\"jgalleryImage\">\n\t\t<\/div>\t\t\t\t<\/div>\r\n\r\n\t\t\t\t\t\t\t<\/div>\r\n\r\n\t\t\t\t\t\t\r\n\t\t\t<div class=\"bdt-gallery-item bdt-transition-toggle\">\r\n\t\t\t\t<div class=\"bdt-advanced-image-gallery-inner bdt-image-mask\" data-tilt=\"\">\r\n\t\t\t\t\t<div class=\"bdt-gallery-thumbnail bdt-transition-toggle\">\n\t\t\t<img decoding=\"async\"  src=\"https:\/\/alumniberoleon.org\/wp-content\/uploads\/2022\/06\/03.jpg\" alt=\"Voluntariado Ibero\" class=\"jgalleryImage\">\n\t\t<\/div>\t\t\t\t<\/div>\r\n\r\n\t\t\t\t\t\t\t<\/div>\r\n\r\n\t\t\t\t\t\t\r\n\t\t\t<div class=\"bdt-gallery-item bdt-transition-toggle\">\r\n\t\t\t\t<div class=\"bdt-advanced-image-gallery-inner bdt-image-mask\" data-tilt=\"\">\r\n\t\t\t\t\t<div class=\"bdt-gallery-thumbnail bdt-transition-toggle\">\n\t\t\t<img decoding=\"async\"  src=\"https:\/\/alumniberoleon.org\/wp-content\/uploads\/2022\/06\/02.jpg\" alt=\"Voluntariado en Le\u00f3n\" class=\"jgalleryImage\">\n\t\t<\/div>\t\t\t\t<\/div>\r\n\r\n\t\t\t\t\t\t\t<\/div>\r\n\r\n\t\t\t\t\t\t\r\n\t\t\t<div class=\"bdt-gallery-item bdt-transition-toggle\">\r\n\t\t\t\t<div class=\"bdt-advanced-image-gallery-inner bdt-image-mask\" data-tilt=\"\">\r\n\t\t\t\t\t<div class=\"bdt-gallery-thumbnail bdt-transition-toggle\">\n\t\t\t<img decoding=\"async\"  src=\"https:\/\/alumniberoleon.org\/wp-content\/uploads\/2022\/06\/05.jpg\" alt=\"05\" class=\"jgalleryImage\">\n\t\t<\/div>\t\t\t\t<\/div>\r\n\r\n\t\t\t\t\t\t\t<\/div>\r\n\r\n\t\t\t\t<\/div>\r\n\t\t\t<\/div>\r\n\t\t\t\t\t<\/div>\n\t\t\t\t<\/div>\n\t\t\t\t<div class=\"elementor-element elementor-element-2034794 elementor-widget-divider--view-line elementor-widget elementor-widget-divider\" data-id=\"2034794\" data-element_type=\"widget\" data-widget_type=\"divider.default\">\n\t\t\t\t\t\t\t<div class=\"elementor-divider\">\n\t\t\t<span class=\"elementor-divider-separator\">\n\t\t\t\t\t\t<\/span>\n\t\t<\/div>\n\t\t\t\t\t\t<\/div>\n\t\t\t\t<section class=\"elementor-section elementor-inner-section elementor-element elementor-element-11badb0 elementor-section-boxed elementor-section-height-default elementor-section-height-default\" data-id=\"11badb0\" data-element_type=\"section\">\n\t\t\t\t\t\t<div class=\"elementor-container elementor-column-gap-default\">\n\t\t\t\t\t<div class=\"elementor-column elementor-col-50 elementor-inner-column elementor-element elementor-element-c013d5e\" data-id=\"c013d5e\" data-element_type=\"column\">\n\t\t\t<div class=\"elementor-widget-wrap elementor-element-populated\">\n\t\t\t\t\t\t<div class=\"elementor-element elementor-element-e703370 elementor-invisible elementor-widget elementor-widget-text-editor\" data-id=\"e703370\" data-element_type=\"widget\" data-settings=\"{&quot;_animation&quot;:&quot;fadeIn&quot;}\" data-widget_type=\"text-editor.default\">\n\t\t\t\t\t\t\t\t\t<p>Muchas de las grandes cosas de la vida son invaluables. Vivir la experiencia del servicio a los dem\u00e1s deja en cada una de las personas que hemos pasado por ALUMNI, una inmensa satisfacci\u00f3n al haber hecho lo mejor.<\/p><p>Cada a\u00f1o contamos con diversas actividades sociales, culturales, deportivas, acad\u00e9micas y de networking, que nos permite mantener una comunidad participativa. Tu tiempo y esfuerzo es valorado y apreciado.<\/p>\t\t\t\t\t\t\t\t<\/div>\n\t\t\t\t\t<\/div>\n\t\t<\/div>\n\t\t\t\t<div class=\"elementor-column elementor-col-50 elementor-inner-column elementor-element elementor-element-f0e54e4\" data-id=\"f0e54e4\" data-element_type=\"column\">\n\t\t\t<div class=\"elementor-widget-wrap elementor-element-populated\">\n\t\t\t\t\t\t<div class=\"elementor-element elementor-element-cde32f4 elementor-tabs-alignment-end elementor-tabs-view-horizontal elementor-invisible elementor-widget elementor-widget-tabs\" data-id=\"cde32f4\" data-element_type=\"widget\" data-settings=\"{&quot;_animation&quot;:&quot;slideInUp&quot;}\" data-widget_type=\"tabs.default\">\n\t\t\t\t\t\t\t<div class=\"elementor-tabs\">\n\t\t\t<div class=\"elementor-tabs-wrapper\" role=\"tablist\" >\n\t\t\t\t\t\t\t\t\t<div id=\"elementor-tab-title-2151\" class=\"elementor-tab-title elementor-tab-desktop-title\" aria-selected=\"true\" data-tab=\"1\" role=\"tab\" tabindex=\"0\" aria-controls=\"elementor-tab-content-2151\" aria-expanded=\"false\">Voluntariado<\/div>\n\t\t\t\t\t\t\t\t\t<div id=\"elementor-tab-title-2152\" class=\"elementor-tab-title elementor-tab-desktop-title\" aria-selected=\"false\" data-tab=\"2\" role=\"tab\" tabindex=\"-1\" aria-controls=\"elementor-tab-content-2152\" aria-expanded=\"false\">Servicio social<\/div>\n\t\t\t\t\t\t\t\t\t<div id=\"elementor-tab-title-2153\" class=\"elementor-tab-title elementor-tab-desktop-title\" aria-selected=\"false\" data-tab=\"3\" role=\"tab\" tabindex=\"-1\" aria-controls=\"elementor-tab-content-2153\" aria-expanded=\"false\">Servicio profesional<\/div>\n\t\t\t\t\t\t\t<\/div>\n\t\t\t<div class=\"elementor-tabs-content-wrapper\" role=\"tablist\" aria-orientation=\"vertical\">\n\t\t\t\t\t\t\t\t\t<div class=\"elementor-tab-title elementor-tab-mobile-title\" aria-selected=\"true\" data-tab=\"1\" role=\"tab\" tabindex=\"0\" aria-controls=\"elementor-tab-content-2151\" aria-expanded=\"false\">Voluntariado<\/div>\n\t\t\t\t\t<div id=\"elementor-tab-content-2151\" class=\"elementor-tab-content elementor-clearfix\" data-tab=\"1\" role=\"tabpanel\" aria-labelledby=\"elementor-tab-title-2151\" tabindex=\"0\" hidden=\"false\"><p>Las actividades de <strong>voluntariado<\/strong> en ALUMNI Ibero Le\u00f3n est\u00e1n abiertas para todo p\u00fablico, previo registro y aceptaci\u00f3n de la persona voluntaria. No es requerido ser asociadx para participar.<\/p><p>Dependiendo de la naturaleza de cada actividad o evento, podr\u00edamos estar requiriendo perfiles espec\u00edficos para su ejecuci\u00f3n. Conoce nuestras pr\u00f3ximas actividades y escr\u00edbenos si quieres sumarte a una comisi\u00f3n o grupo de trabajo.<\/p><\/div>\n\t\t\t\t\t\t\t\t\t<div class=\"elementor-tab-title elementor-tab-mobile-title\" aria-selected=\"false\" data-tab=\"2\" role=\"tab\" tabindex=\"-1\" aria-controls=\"elementor-tab-content-2152\" aria-expanded=\"false\">Servicio social<\/div>\n\t\t\t\t\t<div id=\"elementor-tab-content-2152\" class=\"elementor-tab-content elementor-clearfix\" data-tab=\"2\" role=\"tabpanel\" aria-labelledby=\"elementor-tab-title-2152\" tabindex=\"0\" hidden=\"hidden\"><p>En las actividades de <strong>servicio social<\/strong> involucramos a personas que tienen el inter\u00e9s de participar en las actividades y eventos de ALUMNI bajo la gu\u00eda de un tutor o tutora. El proyecto de quien participa tend\u00e1 incidencia en el \u00e1mbito social.<\/p><p>Se pueden liberar sus pr\u00e1cticas de servicio social, previo convenio con su instituci\u00f3n educativa. No se requiere ser asociada o asociado Alumni.<\/p><\/div>\n\t\t\t\t\t\t\t\t\t<div class=\"elementor-tab-title elementor-tab-mobile-title\" aria-selected=\"false\" data-tab=\"3\" role=\"tab\" tabindex=\"-1\" aria-controls=\"elementor-tab-content-2153\" aria-expanded=\"false\">Servicio profesional<\/div>\n\t\t\t\t\t<div id=\"elementor-tab-content-2153\" class=\"elementor-tab-content elementor-clearfix\" data-tab=\"3\" role=\"tabpanel\" aria-labelledby=\"elementor-tab-title-2153\" tabindex=\"0\" hidden=\"hidden\"><p>En las actividades de <strong>servicio profesional<\/strong> involucramos a personas que tienen el inter\u00e9s de participar en las actividades y eventos de ALUMNI bajo la gu\u00eda de un tutor o tutora. El proyecto de quien participa aprovechar\u00e1 el conocimiento reci\u00e9n adquirido para presentar un proyecto relacionado con ALUMNI Ibero Le\u00f3n.<\/p><p>Se pueden liberar sus pr\u00e1cticas de servicio profesional, previo convenio con su instituci\u00f3n educativa. No se requiere ser asociado o asociada Alumni<\/p><\/div>\n\t\t\t\t\t\t\t<\/div>\n\t\t<\/div>\n\t\t\t\t\t\t<\/div>\n\t\t\t\t\t<\/div>\n\t\t<\/div>\n\t\t\t\t\t<\/div>\n\t\t<\/section>\n\t\t\t\t\t<\/div>\n\t\t<\/div>\n\t\t\t\t\t<\/div>\n\t\t<\/section>\n\t\t\t\t<section class=\"elementor-section elementor-top-section elementor-element elementor-element-c1c41cd elementor-section-boxed elementor-section-height-default elementor-section-height-default\" data-id=\"c1c41cd\" data-element_type=\"section\">\n\t\t\t\t\t\t<div class=\"elementor-container elementor-column-gap-default\">\n\t\t\t\t\t<div class=\"elementor-column elementor-col-100 elementor-top-column elementor-element elementor-element-25e3e7f\" data-id=\"25e3e7f\" data-element_type=\"column\">\n\t\t\t<div class=\"elementor-widget-wrap elementor-element-populated\">\n\t\t\t\t\t\t<div class=\"elementor-element elementor-element-e27a3e0 elementor-widget elementor-widget-spacer\" data-id=\"e27a3e0\" data-element_type=\"widget\" data-widget_type=\"spacer.default\">\n\t\t\t\t\t\t\t<div class=\"elementor-spacer\">\n\t\t\t<div class=\"elementor-spacer-inner\"><\/div>\n\t\t<\/div>\n\t\t\t\t\t\t<\/div>\n\t\t\t\t\t<\/div>\n\t\t<\/div>\n\t\t\t\t\t<\/div>\n\t\t<\/section>\n\t\t\t\t<section class=\"elementor-section elementor-top-section elementor-element elementor-element-dae3279 elementor-section-boxed elementor-section-height-default elementor-section-height-default\" data-id=\"dae3279\" data-element_type=\"section\">\n\t\t\t\t\t\t<div class=\"elementor-container elementor-column-gap-default\">\n\t\t\t\t\t<div class=\"elementor-column elementor-col-50 elementor-top-column elementor-element elementor-element-65e5b50\" data-id=\"65e5b50\" data-element_type=\"column\">\n\t\t\t<div class=\"elementor-widget-wrap elementor-element-populated\">\n\t\t\t\t\t\t<div class=\"elementor-element elementor-element-00c5830 elementor-widget elementor-widget-testimonial\" data-id=\"00c5830\" data-element_type=\"widget\" data-widget_type=\"testimonial.default\">\n\t\t\t\t\t\t\t<div class=\"elementor-testimonial-wrapper\">\n\t\t\t\t\t\t\t<div class=\"elementor-testimonial-content\">\"Justo saliendo de la universidad me fui a vivir una experiencia laboral y de vida de 6 meses en la Selva Lacandona en la organizaci\u00f3n donde hice mi servicio social; la experiencia se extendi\u00f3 a 15 a\u00f1os de mi vida, en diferentes proyectos sociales en comunidades ind\u00edgenas.<br><br>En el 2019 por cuestiones laborales regresamos a Le\u00f3n, pero a pesar de ser el lugar donde crec\u00ed, me sent\u00eda ajena. Entrar a Alumni me permiti\u00f3 \u201chacer tierra\u201d, volver a mis or\u00edgenes y encontrarme con una comunidad donde compartimos el esp\u00edritu ignaciano, la palabra justicia y el pensamiento de construir un mundo m\u00e1s humano y fraterno. <b>Alumni me hizo sentir de nuevo en familia.<\/b>\"<\/div>\n\t\t\t\n\t\t\t\t\t\t<div class=\"elementor-testimonial-meta elementor-has-image elementor-testimonial-image-position-aside\">\n\t\t\t\t<div class=\"elementor-testimonial-meta-inner\">\n\t\t\t\t\t\t\t\t\t\t\t<div class=\"elementor-testimonial-image\">\n\t\t\t\t\t\t\t<img fetchpriority=\"high\" decoding=\"async\" width=\"696\" height=\"696\" src=\"https:\/\/alumniberoleon.org\/wp-content\/uploads\/2022\/06\/Gema-Arias.jpeg\" class=\"attachment-full size-full wp-image-492\" alt=\"\" srcset=\"https:\/\/alumniberoleon.org\/wp-content\/uploads\/2022\/06\/Gema-Arias.jpeg 696w, https:\/\/alumniberoleon.org\/wp-content\/uploads\/2022\/06\/Gema-Arias-300x300.jpeg 300w, https:\/\/alumniberoleon.org\/wp-content\/uploads\/2022\/06\/Gema-Arias-150x150.jpeg 150w, https:\/\/alumniberoleon.org\/wp-content\/uploads\/2022\/06\/Gema-Arias-600x600.jpeg 600w, https:\/\/alumniberoleon.org\/wp-content\/uploads\/2022\/06\/Gema-Arias-100x100.jpeg 100w\" sizes=\"(max-width: 696px) 100vw, 696px\" \/>\t\t\t\t\t\t<\/div>\n\t\t\t\t\t\n\t\t\t\t\t\t\t\t\t\t<div class=\"elementor-testimonial-details\">\n\t\t\t\t\t\t\t\t\t\t\t\t\t\t<div class=\"elementor-testimonial-name\">Gema Arias<\/div>\n\t\t\t\t\t\t\t\t\t\t\t\t\t\t\t\t\t\t\t\t\t\t<div class=\"elementor-testimonial-job\">Senadora Universitaria, vocal de la Mesa directiva Alumni Ibero Le\u00f3n<\/div>\n\t\t\t\t\t\t\t\t\t\t\t\t\t<\/div>\n\t\t\t\t\t\t\t\t\t<\/div>\n\t\t\t<\/div>\n\t\t\t\t\t<\/div>\n\t\t\t\t\t\t<\/div>\n\t\t\t\t\t<\/div>\n\t\t<\/div>\n\t\t\t\t<div class=\"elementor-column elementor-col-50 elementor-top-column elementor-element elementor-element-6cd589a\" data-id=\"6cd589a\" data-element_type=\"column\">\n\t\t\t<div class=\"elementor-widget-wrap elementor-element-populated\">\n\t\t\t\t\t\t<div class=\"elementor-element elementor-element-b29e446 elementor-widget elementor-widget-shortcode\" data-id=\"b29e446\" data-element_type=\"widget\" data-widget_type=\"shortcode.default\">\n\t\t\t\t\t\t\t<div class=\"elementor-shortcode\">\n<div class=\"wpcf7 no-js\" id=\"wpcf7-f291-o1\" lang=\"es-ES\" dir=\"ltr\" data-wpcf7-id=\"291\">\n<div class=\"screen-reader-response\"><p role=\"status\" aria-live=\"polite\" aria-atomic=\"true\"><\/p> <ul><\/ul><\/div>\n<form action=\"\/index.php\/wp-json\/wp\/v2\/pages\/241#wpcf7-f291-o1\" method=\"post\" class=\"wpcf7-form init\" aria-label=\"Formulario de contacto\" novalidate=\"novalidate\" data-status=\"init\">\n<fieldset class=\"hidden-fields-container\"><input type=\"hidden\" name=\"_wpcf7\" value=\"291\" \/><input type=\"hidden\" name=\"_wpcf7_version\" value=\"6.1.5\" \/><input type=\"hidden\" name=\"_wpcf7_locale\" value=\"es_ES\" \/><input type=\"hidden\" name=\"_wpcf7_unit_tag\" value=\"wpcf7-f291-o1\" \/><input type=\"hidden\" name=\"_wpcf7_container_post\" value=\"0\" \/><input type=\"hidden\" name=\"_wpcf7_posted_data_hash\" value=\"\" \/>\n<\/fieldset>\n<p><label> Tu nombre<br \/>\n<span class=\"wpcf7-form-control-wrap\" data-name=\"your-name\"><input size=\"40\" maxlength=\"400\" class=\"wpcf7-form-control wpcf7-text wpcf7-validates-as-required\" aria-required=\"true\" aria-invalid=\"false\" value=\"\" type=\"text\" name=\"your-name\" \/><\/span><\/label>\n<\/p>\n<p><label> Tu apellido<br \/>\n<span class=\"wpcf7-form-control-wrap\" data-name=\"last\"><input size=\"40\" maxlength=\"400\" class=\"wpcf7-form-control wpcf7-text wpcf7-validates-as-required\" aria-required=\"true\" aria-invalid=\"false\" value=\"\" type=\"text\" name=\"last\" \/><\/span><\/label>\n<\/p>\n<p><label> Tu correo electr\u00f3nico<br \/>\n<span class=\"wpcf7-form-control-wrap\" data-name=\"your-email\"><input size=\"40\" maxlength=\"400\" class=\"wpcf7-form-control wpcf7-email wpcf7-validates-as-required wpcf7-text wpcf7-validates-as-email\" aria-required=\"true\" aria-invalid=\"false\" value=\"\" type=\"email\" name=\"your-email\" \/><\/span><\/label>\n<\/p>\n<p><label> Tel\u00e9fono<br \/>\n<span class=\"wpcf7-form-control-wrap\" data-name=\"tel-477\"><input size=\"40\" maxlength=\"400\" class=\"wpcf7-form-control wpcf7-tel wpcf7-validates-as-required wpcf7-text wpcf7-validates-as-tel\" aria-required=\"true\" aria-invalid=\"false\" value=\"\" type=\"tel\" name=\"tel-477\" \/><\/span><\/label>\n<\/p>\n<p><label> Asunto<br \/>\n<span class=\"wpcf7-form-control-wrap\" data-name=\"your-subject\"><input size=\"40\" maxlength=\"400\" class=\"wpcf7-form-control wpcf7-text wpcf7-validates-as-required\" aria-required=\"true\" aria-invalid=\"false\" value=\"\" type=\"text\" name=\"your-subject\" \/><\/span> <\/label>\n<\/p>\n<p><label for=\"select\"> Tipo de contacto <\/label><br \/>\n<span class=\"wpcf7-form-control-wrap\" data-name=\"menu-tipo-de-contacto\"><select class=\"wpcf7-form-control wpcf7-select wpcf7-validates-as-required\" aria-required=\"true\" aria-invalid=\"false\" name=\"menu-tipo-de-contacto\"><option value=\"\">&#8212;Por favor, elige una opci\u00f3n&#8212;<\/option><option value=\"Exalumn@ Ibero Leon\">Exalumn@ Ibero Leon<\/option><option value=\"Exalumn@ SUJ\">Exalumn@ SUJ<\/option><option value=\"Docente Ibero Leon\">Docente Ibero Leon<\/option><option value=\"Administrativo Ibero Leon\">Administrativo Ibero Leon<\/option><option value=\"Externo a la Ibero Leon\">Externo a la Ibero Leon<\/option><\/select><\/span>\n<\/p>\n<p><label for=\"text\"> Carrera o Postgrado <\/label><br \/>\n<span class=\"wpcf7-form-control-wrap\" data-name=\"Textoegresado\"><input size=\"40\" maxlength=\"400\" class=\"wpcf7-form-control wpcf7-text wpcf7-validates-as-required\" aria-required=\"true\" aria-invalid=\"false\" value=\"\" type=\"text\" name=\"Textoegresado\" \/><\/span>\n<\/p>\n<p><label for=\"number\"> A\u00f1o de Egreso <\/label><br \/>\n<span class=\"wpcf7-form-control-wrap\" data-name=\"number-ano-de-egreso\"><input class=\"wpcf7-form-control wpcf7-number wpcf7-validates-as-required wpcf7-validates-as-number\" aria-required=\"true\" aria-invalid=\"false\" value=\"\" type=\"number\" name=\"number-ano-de-egreso\" \/><\/span>\n<\/p>\n<p><label> Me interesa <\/label><br \/>\n<span class=\"wpcf7-form-control-wrap\" data-name=\"me-interesa\"><span class=\"wpcf7-form-control wpcf7-radio\"><span class=\"wpcf7-list-item first\"><label><input type=\"radio\" name=\"me-interesa\" value=\"Voluntariado\" checked=\"checked\" \/><span class=\"wpcf7-list-item-label\">Voluntariado<\/span><\/label><\/span><span class=\"wpcf7-list-item\"><label><input type=\"radio\" name=\"me-interesa\" value=\"Servicio Social\" \/><span class=\"wpcf7-list-item-label\">Servicio Social<\/span><\/label><\/span><span class=\"wpcf7-list-item\"><label><input type=\"radio\" name=\"me-interesa\" value=\"Servicio profesional\" \/><span class=\"wpcf7-list-item-label\">Servicio profesional<\/span><\/label><\/span><span class=\"wpcf7-list-item\"><label><input type=\"radio\" name=\"me-interesa\" value=\"Quiero ser asociadx Alumni\" \/><span class=\"wpcf7-list-item-label\">Quiero ser asociadx Alumni<\/span><\/label><\/span><span class=\"wpcf7-list-item last\"><label><input type=\"radio\" name=\"me-interesa\" value=\"Otro\" \/><span class=\"wpcf7-list-item-label\">Otro<\/span><\/label><\/span><\/span><\/span>\n<\/p>\n<p><label> Tu mensaje<br \/>\n<span class=\"wpcf7-form-control-wrap\" data-name=\"your-message\"><textarea cols=\"40\" rows=\"10\" maxlength=\"2000\" class=\"wpcf7-form-control wpcf7-textarea wpcf7-validates-as-required\" aria-required=\"true\" aria-invalid=\"false\" name=\"your-message\"><\/textarea><\/span><\/label>\n<\/p>\n<p><input class=\"wpcf7-form-control wpcf7-submit has-spinner\" type=\"submit\" value=\"Enviar\" \/>\n<\/p><div class=\"wpcf7-response-output\" aria-hidden=\"true\"><\/div>\n<\/form>\n<\/div>\n<\/div>\n\t\t\t\t\t\t<\/div>\n\t\t\t\t\t<\/div>\n\t\t<\/div>\n\t\t\t\t\t<\/div>\n\t\t<\/section>\n\t\t\t\t<\/div>\n\t\t","protected":false},"excerpt":{"rendered":"<p>Voluntariado y servicio Muchas de las grandes cosas de la vida son invaluables. Vivir la experiencia del servicio a los dem\u00e1s deja en cada una de las personas que hemos pasado por ALUMNI, una inmensa satisfacci\u00f3n al haber hecho lo mejor. Cada a\u00f1o contamos con diversas actividades sociales, culturales, deportivas, acad\u00e9micas y de networking, que&#8230;<\/p>\n","protected":false},"author":2,"featured_media":0,"parent":0,"menu_order":0,"comment_status":"closed","ping_status":"closed","template":"","meta":{"content-type":"","_monsterinsights_skip_tracking":false,"_monsterinsights_sitenote_active":false,"_monsterinsights_sitenote_note":"","_monsterinsights_sitenote_category":0,"footnotes":""},"class_list":["post-241","page","type-page","status-publish","hentry"],"yoast_head":"<!-- This site is optimized with the Yoast SEO plugin v25.7 - https:\/\/yoast.com\/wordpress\/plugins\/seo\/ -->\n<title>Voluntariado - Alumni Ibero Le\u00f3n<\/title>\n<meta name=\"robots\" content=\"index, follow, max-snippet:-1, max-image-preview:large, max-video-preview:-1\" \/>\n<link rel=\"canonical\" href=\"https:\/\/alumniberoleon.org\/index.php\/voluntariado\/\" \/>\n<meta property=\"og:locale\" content=\"es_ES\" \/>\n<meta property=\"og:type\" content=\"article\" \/>\n<meta property=\"og:title\" content=\"Voluntariado - Alumni Ibero Le\u00f3n\" \/>\n<meta property=\"og:description\" content=\"Voluntariado y servicio Muchas de las grandes cosas de la vida son invaluables. Vivir la experiencia del servicio a los dem\u00e1s deja en cada una de las personas que hemos pasado por ALUMNI, una inmensa satisfacci\u00f3n al haber hecho lo mejor. Cada a\u00f1o contamos con diversas actividades sociales, culturales, deportivas, acad\u00e9micas y de networking, que...\" \/>\n<meta property=\"og:url\" content=\"https:\/\/alumniberoleon.org\/index.php\/voluntariado\/\" \/>\n<meta property=\"og:site_name\" content=\"Alumni Ibero Le\u00f3n\" \/>\n<meta property=\"article:modified_time\" content=\"2022-06-29T19:01:11+00:00\" \/>\n<meta property=\"og:image\" content=\"https:\/\/alumniberoleon.org\/wp-content\/uploads\/2022\/06\/04.jpg\" \/>\n<meta name=\"twitter:card\" content=\"summary_large_image\" \/>\n<meta name=\"twitter:label1\" content=\"Tiempo de lectura\" \/>\n\t<meta name=\"twitter:data1\" content=\"4 minutos\" \/>\n<script type=\"application\/ld+json\" class=\"yoast-schema-graph\">{\"@context\":\"https:\/\/schema.org\",\"@graph\":[{\"@type\":\"WebPage\",\"@id\":\"https:\/\/alumniberoleon.org\/index.php\/voluntariado\/\",\"url\":\"https:\/\/alumniberoleon.org\/index.php\/voluntariado\/\",\"name\":\"Voluntariado - Alumni Ibero Le\u00f3n\",\"isPartOf\":{\"@id\":\"https:\/\/alumniberoleon.org\/#website\"},\"primaryImageOfPage\":{\"@id\":\"https:\/\/alumniberoleon.org\/index.php\/voluntariado\/#primaryimage\"},\"image\":{\"@id\":\"https:\/\/alumniberoleon.org\/index.php\/voluntariado\/#primaryimage\"},\"thumbnailUrl\":\"https:\/\/alumniberoleon.org\/wp-content\/uploads\/2022\/06\/04.jpg\",\"datePublished\":\"2022-06-06T18:47:43+00:00\",\"dateModified\":\"2022-06-29T19:01:11+00:00\",\"breadcrumb\":{\"@id\":\"https:\/\/alumniberoleon.org\/index.php\/voluntariado\/#breadcrumb\"},\"inLanguage\":\"es\",\"potentialAction\":[{\"@type\":\"ReadAction\",\"target\":[\"https:\/\/alumniberoleon.org\/index.php\/voluntariado\/\"]}]},{\"@type\":\"ImageObject\",\"inLanguage\":\"es\",\"@id\":\"https:\/\/alumniberoleon.org\/index.php\/voluntariado\/#primaryimage\",\"url\":\"https:\/\/alumniberoleon.org\/wp-content\/uploads\/2022\/06\/04.jpg\",\"contentUrl\":\"https:\/\/alumniberoleon.org\/wp-content\/uploads\/2022\/06\/04.jpg\",\"width\":1703,\"height\":892,\"caption\":\"Voluntariado en M\u00e9xico\"},{\"@type\":\"BreadcrumbList\",\"@id\":\"https:\/\/alumniberoleon.org\/index.php\/voluntariado\/#breadcrumb\",\"itemListElement\":[{\"@type\":\"ListItem\",\"position\":1,\"name\":\"Portada\",\"item\":\"https:\/\/alumniberoleon.org\/\"},{\"@type\":\"ListItem\",\"position\":2,\"name\":\"Voluntariado\"}]},{\"@type\":\"WebSite\",\"@id\":\"https:\/\/alumniberoleon.org\/#website\",\"url\":\"https:\/\/alumniberoleon.org\/\",\"name\":\"Alumni Ibero Le\u00f3n\",\"description\":\"Activando la comunidad de exalumn@s de la Universidad Iberoamericana Le\u00f3n\",\"publisher\":{\"@id\":\"https:\/\/alumniberoleon.org\/#organization\"},\"potentialAction\":[{\"@type\":\"SearchAction\",\"target\":{\"@type\":\"EntryPoint\",\"urlTemplate\":\"https:\/\/alumniberoleon.org\/?s={search_term_string}\"},\"query-input\":{\"@type\":\"PropertyValueSpecification\",\"valueRequired\":true,\"valueName\":\"search_term_string\"}}],\"inLanguage\":\"es\"},{\"@type\":\"Organization\",\"@id\":\"https:\/\/alumniberoleon.org\/#organization\",\"name\":\"Alumni Ibero Le\u00f3n\",\"url\":\"https:\/\/alumniberoleon.org\/\",\"logo\":{\"@type\":\"ImageObject\",\"inLanguage\":\"es\",\"@id\":\"https:\/\/alumniberoleon.org\/#\/schema\/logo\/image\/\",\"url\":\"https:\/\/alumniberoleon.org\/wp-content\/uploads\/2025\/08\/Captura-de-pantalla-2025-08-16-a-las-5.02.38-p.-m.png\",\"contentUrl\":\"https:\/\/alumniberoleon.org\/wp-content\/uploads\/2025\/08\/Captura-de-pantalla-2025-08-16-a-las-5.02.38-p.-m.png\",\"width\":296,\"height\":260,\"caption\":\"Alumni Ibero Le\u00f3n\"},\"image\":{\"@id\":\"https:\/\/alumniberoleon.org\/#\/schema\/logo\/image\/\"}}]}<\/script>\n<!-- \/ Yoast SEO plugin. -->","yoast_head_json":{"title":"Voluntariado - Alumni Ibero Le\u00f3n","robots":{"index":"index","follow":"follow","max-snippet":"max-snippet:-1","max-image-preview":"max-image-preview:large","max-video-preview":"max-video-preview:-1"},"canonical":"https:\/\/alumniberoleon.org\/index.php\/voluntariado\/","og_locale":"es_ES","og_type":"article","og_title":"Voluntariado - Alumni Ibero Le\u00f3n","og_description":"Voluntariado y servicio Muchas de las grandes cosas de la vida son invaluables. Vivir la experiencia del servicio a los dem\u00e1s deja en cada una de las personas que hemos pasado por ALUMNI, una inmensa satisfacci\u00f3n al haber hecho lo mejor. Cada a\u00f1o contamos con diversas actividades sociales, culturales, deportivas, acad\u00e9micas y de networking, que...","og_url":"https:\/\/alumniberoleon.org\/index.php\/voluntariado\/","og_site_name":"Alumni Ibero Le\u00f3n","article_modified_time":"2022-06-29T19:01:11+00:00","og_image":[{"url":"https:\/\/alumniberoleon.org\/wp-content\/uploads\/2022\/06\/04.jpg","type":"","width":"","height":""}],"twitter_card":"summary_large_image","twitter_misc":{"Tiempo de lectura":"4 minutos"},"schema":{"@context":"https:\/\/schema.org","@graph":[{"@type":"WebPage","@id":"https:\/\/alumniberoleon.org\/index.php\/voluntariado\/","url":"https:\/\/alumniberoleon.org\/index.php\/voluntariado\/","name":"Voluntariado - Alumni Ibero Le\u00f3n","isPartOf":{"@id":"https:\/\/alumniberoleon.org\/#website"},"primaryImageOfPage":{"@id":"https:\/\/alumniberoleon.org\/index.php\/voluntariado\/#primaryimage"},"image":{"@id":"https:\/\/alumniberoleon.org\/index.php\/voluntariado\/#primaryimage"},"thumbnailUrl":"https:\/\/alumniberoleon.org\/wp-content\/uploads\/2022\/06\/04.jpg","datePublished":"2022-06-06T18:47:43+00:00","dateModified":"2022-06-29T19:01:11+00:00","breadcrumb":{"@id":"https:\/\/alumniberoleon.org\/index.php\/voluntariado\/#breadcrumb"},"inLanguage":"es","potentialAction":[{"@type":"ReadAction","target":["https:\/\/alumniberoleon.org\/index.php\/voluntariado\/"]}]},{"@type":"ImageObject","inLanguage":"es","@id":"https:\/\/alumniberoleon.org\/index.php\/voluntariado\/#primaryimage","url":"https:\/\/alumniberoleon.org\/wp-content\/uploads\/2022\/06\/04.jpg","contentUrl":"https:\/\/alumniberoleon.org\/wp-content\/uploads\/2022\/06\/04.jpg","width":1703,"height":892,"caption":"Voluntariado en M\u00e9xico"},{"@type":"BreadcrumbList","@id":"https:\/\/alumniberoleon.org\/index.php\/voluntariado\/#breadcrumb","itemListElement":[{"@type":"ListItem","position":1,"name":"Portada","item":"https:\/\/alumniberoleon.org\/"},{"@type":"ListItem","position":2,"name":"Voluntariado"}]},{"@type":"WebSite","@id":"https:\/\/alumniberoleon.org\/#website","url":"https:\/\/alumniberoleon.org\/","name":"Alumni Ibero Le\u00f3n","description":"Activando la comunidad de exalumn@s de la Universidad Iberoamericana Le\u00f3n","publisher":{"@id":"https:\/\/alumniberoleon.org\/#organization"},"potentialAction":[{"@type":"SearchAction","target":{"@type":"EntryPoint","urlTemplate":"https:\/\/alumniberoleon.org\/?s={search_term_string}"},"query-input":{"@type":"PropertyValueSpecification","valueRequired":true,"valueName":"search_term_string"}}],"inLanguage":"es"},{"@type":"Organization","@id":"https:\/\/alumniberoleon.org\/#organization","name":"Alumni Ibero Le\u00f3n","url":"https:\/\/alumniberoleon.org\/","logo":{"@type":"ImageObject","inLanguage":"es","@id":"https:\/\/alumniberoleon.org\/#\/schema\/logo\/image\/","url":"https:\/\/alumniberoleon.org\/wp-content\/uploads\/2025\/08\/Captura-de-pantalla-2025-08-16-a-las-5.02.38-p.-m.png","contentUrl":"https:\/\/alumniberoleon.org\/wp-content\/uploads\/2025\/08\/Captura-de-pantalla-2025-08-16-a-las-5.02.38-p.-m.png","width":296,"height":260,"caption":"Alumni Ibero Le\u00f3n"},"image":{"@id":"https:\/\/alumniberoleon.org\/#\/schema\/logo\/image\/"}}]}},"_links":{"self":[{"href":"https:\/\/alumniberoleon.org\/index.php\/wp-json\/wp\/v2\/pages\/241","targetHints":{"allow":["GET"]}}],"collection":[{"href":"https:\/\/alumniberoleon.org\/index.php\/wp-json\/wp\/v2\/pages"}],"about":[{"href":"https:\/\/alumniberoleon.org\/index.php\/wp-json\/wp\/v2\/types\/page"}],"author":[{"embeddable":true,"href":"https:\/\/alumniberoleon.org\/index.php\/wp-json\/wp\/v2\/users\/2"}],"replies":[{"embeddable":true,"href":"https:\/\/alumniberoleon.org\/index.php\/wp-json\/wp\/v2\/comments?post=241"}],"version-history":[{"count":40,"href":"https:\/\/alumniberoleon.org\/index.php\/wp-json\/wp\/v2\/pages\/241\/revisions"}],"predecessor-version":[{"id":511,"href":"https:\/\/alumniberoleon.org\/index.php\/wp-json\/wp\/v2\/pages\/241\/revisions\/511"}],"wp:attachment":[{"href":"https:\/\/alumniberoleon.org\/index.php\/wp-json\/wp\/v2\/media?parent=241"}],"curies":[{"name":"wp","href":"https:\/\/api.w.org\/{rel}","templated":true}]}}