{"id":2064,"date":"2025-08-15T22:04:56","date_gmt":"2025-08-16T04:04:56","guid":{"rendered":"https:\/\/alumniberoleon.org\/?page_id=2064"},"modified":"2025-08-15T22:17:49","modified_gmt":"2025-08-16T04:17:49","slug":"afiliate-a-alumni","status":"publish","type":"page","link":"https:\/\/alumniberoleon.org\/index.php\/afiliate-a-alumni\/","title":{"rendered":"Af\u00edliate a ALUMNI"},"content":{"rendered":"\t\t<div data-elementor-type=\"wp-page\" data-elementor-id=\"2064\" class=\"elementor elementor-2064\">\n\t\t\t\t<div class=\"elementor-element elementor-element-66a68ae e-flex e-con-boxed e-con e-parent\" data-id=\"66a68ae\" data-element_type=\"container\">\n\t\t\t\t\t<div class=\"e-con-inner\">\n\t\t\t\t<div class=\"elementor-element elementor-element-9a43b7a elementor-widget elementor-widget-bdt-accordion\" data-id=\"9a43b7a\" data-element_type=\"widget\" data-widget_type=\"bdt-accordion.default\">\n\t\t\t\t<div class=\"elementor-widget-container\">\n\t\t\t\t\t        <div class=\"bdt-accordion-container\">\r\n            <div id=\"bdt-accordion-9a43b7a\" class=\"bdt-accordion\" data-bdt-accordion=\"{&quot;collapsible&quot;:true,&quot;multiple&quot;:false,&quot;transition&quot;:&quot;ease-in-out&quot;}\" data-settings=\"{&quot;id&quot;:&quot;bdt-accordion-9a43b7a&quot;,&quot;activeHash&quot;:&quot;no&quot;,&quot;activeScrollspy&quot;:null,&quot;hashTopOffset&quot;:false,&quot;hashScrollspyTime&quot;:false}\">\r\n                                    <div class=\"bdt-accordion-item\">\r\n                        <div class=\"bdt-accordion-title bdt-flex bdt-flex-middle bdt-flex-between\" id=\"bdt-accordion-qu-es-alumni-ibero-len\" data-accordion-index=\"0\" data-title=\"qu-es-alumni-ibero-le-n\" role=\"heading\">\r\n\r\n                                                            <span class=\"bdt-accordion-icon bdt-flex-align-right\" aria-hidden=\"true\">\r\n\r\n                                                                            <span class=\"bdt-accordion-icon-closed\">\r\n                                            <svg aria-hidden=\"true\" class=\"fa-fw e-font-icon-svg e-fas-plus\" viewBox=\"0 0 448 512\" xmlns=\"http:\/\/www.w3.org\/2000\/svg\"><path d=\"M416 208H272V64c0-17.67-14.33-32-32-32h-32c-17.67 0-32 14.33-32 32v144H32c-17.67 0-32 14.33-32 32v32c0 17.67 14.33 32 32 32h144v144c0 17.67 14.33 32 32 32h32c17.67 0 32-14.33 32-32V304h144c17.67 0 32-14.33 32-32v-32c0-17.67-14.33-32-32-32z\"><\/path><\/svg>                                        <\/span>\r\n                                    \r\n                                                                            <span class=\"bdt-accordion-icon-opened\">\r\n                                            <svg aria-hidden=\"true\" class=\"fa-fw e-font-icon-svg e-fas-minus\" viewBox=\"0 0 448 512\" xmlns=\"http:\/\/www.w3.org\/2000\/svg\"><path d=\"M416 208H32c-17.67 0-32 14.33-32 32v32c0 17.67 14.33 32 32 32h384c17.67 0 32-14.33 32-32v-32c0-17.67-14.33-32-32-32z\"><\/path><\/svg>                                        <\/span>\r\n                                    \r\n                                <\/span>\r\n                            \r\n                            <span class=\"bdt-title bdt-flex bdt-flex-middle\">\r\n\r\n                                                                \u00bfQu\u00e9 es ALUMNI Ibero Le\u00f3n?                            <\/span>\r\n\r\n                        <\/div>\r\n                        <div class=\"bdt-accordion-content\">\r\n                            <p>ALUMNI LE\u00d3N es la <strong>asociaci\u00f3n civil<\/strong> que vincula a la comunidad de egresados con la sociedad para transformarla a trav\u00e9s de la filosof\u00eda ignaciana. Ayudamos a consolidar el sentido de pertenencia de exalumnas y exalumnos con la IBERO.<\/p>                        <\/div>\r\n                    <\/div>\r\n                                    <div class=\"bdt-accordion-item\">\r\n                        <div class=\"bdt-accordion-title bdt-flex bdt-flex-middle bdt-flex-between\" id=\"bdt-accordion-quienes-pueden-participar\" data-accordion-index=\"1\" data-title=\"quienes-pueden-participar\" role=\"heading\">\r\n\r\n                                                            <span class=\"bdt-accordion-icon bdt-flex-align-right\" aria-hidden=\"true\">\r\n\r\n                                                                            <span class=\"bdt-accordion-icon-closed\">\r\n                                            <svg aria-hidden=\"true\" class=\"fa-fw e-font-icon-svg e-fas-plus\" viewBox=\"0 0 448 512\" xmlns=\"http:\/\/www.w3.org\/2000\/svg\"><path d=\"M416 208H272V64c0-17.67-14.33-32-32-32h-32c-17.67 0-32 14.33-32 32v144H32c-17.67 0-32 14.33-32 32v32c0 17.67 14.33 32 32 32h144v144c0 17.67 14.33 32 32 32h32c17.67 0 32-14.33 32-32V304h144c17.67 0 32-14.33 32-32v-32c0-17.67-14.33-32-32-32z\"><\/path><\/svg>                                        <\/span>\r\n                                    \r\n                                                                            <span class=\"bdt-accordion-icon-opened\">\r\n                                            <svg aria-hidden=\"true\" class=\"fa-fw e-font-icon-svg e-fas-minus\" viewBox=\"0 0 448 512\" xmlns=\"http:\/\/www.w3.org\/2000\/svg\"><path d=\"M416 208H32c-17.67 0-32 14.33-32 32v32c0 17.67 14.33 32 32 32h384c17.67 0 32-14.33 32-32v-32c0-17.67-14.33-32-32-32z\"><\/path><\/svg>                                        <\/span>\r\n                                    \r\n                                <\/span>\r\n                            \r\n                            <span class=\"bdt-title bdt-flex bdt-flex-middle\">\r\n\r\n                                                                \u00bfQuienes pueden participar?                            <\/span>\r\n\r\n                        <\/div>\r\n                        <div class=\"bdt-accordion-content\">\r\n                            <p>Cualquier exalumna o exalumno de la Universidad Iberoamericana Le\u00f3n puede afiliarse a nuestra asociaci\u00f3n, para hacerlo deber\u00e1n presentar esta documentaci\u00f3n:<\/p><ul><li>Credencial exalumn@ Ibero Le\u00f3n vigente<\/li><li>Identificaci\u00f3n oficial<\/li><li>Formulario de registro<\/li><\/ul>                        <\/div>\r\n                    <\/div>\r\n                                    <div class=\"bdt-accordion-item\">\r\n                        <div class=\"bdt-accordion-title bdt-flex bdt-flex-middle bdt-flex-between\" id=\"bdt-accordion-quienes-integran-la-mesa-directiva\" data-accordion-index=\"2\" data-title=\"quienes-integran-la-mesa-directiva\" role=\"heading\">\r\n\r\n                                                            <span class=\"bdt-accordion-icon bdt-flex-align-right\" aria-hidden=\"true\">\r\n\r\n                                                                            <span class=\"bdt-accordion-icon-closed\">\r\n                                            <svg aria-hidden=\"true\" class=\"fa-fw e-font-icon-svg e-fas-plus\" viewBox=\"0 0 448 512\" xmlns=\"http:\/\/www.w3.org\/2000\/svg\"><path d=\"M416 208H272V64c0-17.67-14.33-32-32-32h-32c-17.67 0-32 14.33-32 32v144H32c-17.67 0-32 14.33-32 32v32c0 17.67 14.33 32 32 32h144v144c0 17.67 14.33 32 32 32h32c17.67 0 32-14.33 32-32V304h144c17.67 0 32-14.33 32-32v-32c0-17.67-14.33-32-32-32z\"><\/path><\/svg>                                        <\/span>\r\n                                    \r\n                                                                            <span class=\"bdt-accordion-icon-opened\">\r\n                                            <svg aria-hidden=\"true\" class=\"fa-fw e-font-icon-svg e-fas-minus\" viewBox=\"0 0 448 512\" xmlns=\"http:\/\/www.w3.org\/2000\/svg\"><path d=\"M416 208H32c-17.67 0-32 14.33-32 32v32c0 17.67 14.33 32 32 32h384c17.67 0 32-14.33 32-32v-32c0-17.67-14.33-32-32-32z\"><\/path><\/svg>                                        <\/span>\r\n                                    \r\n                                <\/span>\r\n                            \r\n                            <span class=\"bdt-title bdt-flex bdt-flex-middle\">\r\n\r\n                                                                \u00bfQuienes integran la Mesa Directiva?                            <\/span>\r\n\r\n                        <\/div>\r\n                        <div class=\"bdt-accordion-content\">\r\n                            <p>En un proceso electoral donde las y los asociados votan, ALUMNI Ibero Le\u00f3n renueva su Consejo Directivo cada dos a\u00f1os.<\/p><p>Nuestro trabajo es voluntario, dedicamos gran parte de nuestro tiempo a llevar a cabo actividades solidarias. Llevamos m\u00e1s all\u00e1 nuestras palabras para convertirlas en acciones. Da <a href=\"https:\/\/alumniberoleon.org\/index.php\/nosotros\/\">clic aqu\u00ed<\/a> para conocer m\u00e1s.<\/p>                        <\/div>\r\n                    <\/div>\r\n                                    <div class=\"bdt-accordion-item\">\r\n                        <div class=\"bdt-accordion-title bdt-flex bdt-flex-middle bdt-flex-between\" id=\"bdt-accordion-qu-hacen-en-alumni\" data-accordion-index=\"3\" data-title=\"qu-hacen-en-alumni\" role=\"heading\">\r\n\r\n                                                            <span class=\"bdt-accordion-icon bdt-flex-align-right\" aria-hidden=\"true\">\r\n\r\n                                                                            <span class=\"bdt-accordion-icon-closed\">\r\n                                            <svg aria-hidden=\"true\" class=\"fa-fw e-font-icon-svg e-fas-plus\" viewBox=\"0 0 448 512\" xmlns=\"http:\/\/www.w3.org\/2000\/svg\"><path d=\"M416 208H272V64c0-17.67-14.33-32-32-32h-32c-17.67 0-32 14.33-32 32v144H32c-17.67 0-32 14.33-32 32v32c0 17.67 14.33 32 32 32h144v144c0 17.67 14.33 32 32 32h32c17.67 0 32-14.33 32-32V304h144c17.67 0 32-14.33 32-32v-32c0-17.67-14.33-32-32-32z\"><\/path><\/svg>                                        <\/span>\r\n                                    \r\n                                                                            <span class=\"bdt-accordion-icon-opened\">\r\n                                            <svg aria-hidden=\"true\" class=\"fa-fw e-font-icon-svg e-fas-minus\" viewBox=\"0 0 448 512\" xmlns=\"http:\/\/www.w3.org\/2000\/svg\"><path d=\"M416 208H32c-17.67 0-32 14.33-32 32v32c0 17.67 14.33 32 32 32h384c17.67 0 32-14.33 32-32v-32c0-17.67-14.33-32-32-32z\"><\/path><\/svg>                                        <\/span>\r\n                                    \r\n                                <\/span>\r\n                            \r\n                            <span class=\"bdt-title bdt-flex bdt-flex-middle\">\r\n\r\n                                                                \u00bfQu\u00e9 hacen en ALUMNI?                            <\/span>\r\n\r\n                        <\/div>\r\n                        <div class=\"bdt-accordion-content\">\r\n                            <p>Actividades de representaci\u00f3n ante la Ibero Le\u00f3n y organismos p\u00fablicos y privados, grupo y eventos de networking, comidas generacionales y de egresadas y egresados, carrera atl\u00e9tica, conferencias, ejercicios espirituales, estamos preparando otras iniciativas como el <strong>directorio Alumni de productos y servicios<\/strong>, beneficios entre la comunidad y vinculaci\u00f3n para oportunidades acad\u00e9micas en M\u00e9xico y el extranjero.<\/p>                        <\/div>\r\n                    <\/div>\r\n                                    <div class=\"bdt-accordion-item\">\r\n                        <div class=\"bdt-accordion-title bdt-flex bdt-flex-middle bdt-flex-between\" id=\"bdt-accordion-cunto-cuesta-afiliarte\" data-accordion-index=\"4\" data-title=\"cu-nto-cuesta-afiliarte\" role=\"heading\">\r\n\r\n                                                            <span class=\"bdt-accordion-icon bdt-flex-align-right\" aria-hidden=\"true\">\r\n\r\n                                                                            <span class=\"bdt-accordion-icon-closed\">\r\n                                            <svg aria-hidden=\"true\" class=\"fa-fw e-font-icon-svg e-fas-plus\" viewBox=\"0 0 448 512\" xmlns=\"http:\/\/www.w3.org\/2000\/svg\"><path d=\"M416 208H272V64c0-17.67-14.33-32-32-32h-32c-17.67 0-32 14.33-32 32v144H32c-17.67 0-32 14.33-32 32v32c0 17.67 14.33 32 32 32h144v144c0 17.67 14.33 32 32 32h32c17.67 0 32-14.33 32-32V304h144c17.67 0 32-14.33 32-32v-32c0-17.67-14.33-32-32-32z\"><\/path><\/svg>                                        <\/span>\r\n                                    \r\n                                                                            <span class=\"bdt-accordion-icon-opened\">\r\n                                            <svg aria-hidden=\"true\" class=\"fa-fw e-font-icon-svg e-fas-minus\" viewBox=\"0 0 448 512\" xmlns=\"http:\/\/www.w3.org\/2000\/svg\"><path d=\"M416 208H32c-17.67 0-32 14.33-32 32v32c0 17.67 14.33 32 32 32h384c17.67 0 32-14.33 32-32v-32c0-17.67-14.33-32-32-32z\"><\/path><\/svg>                                        <\/span>\r\n                                    \r\n                                <\/span>\r\n                            \r\n                            <span class=\"bdt-title bdt-flex bdt-flex-middle\">\r\n\r\n                                                                \u00bfCu\u00e1nto cuesta Afiliarte?                            <\/span>\r\n\r\n                        <\/div>\r\n                        <div class=\"bdt-accordion-content\">\r\n                            <p>Actualmente unirse como asociada o asociado no tiene costo. Puedes realizar un donativo \u00fanico o domiciliado para apoyar las actividades de la Asociaci\u00f3n.<\/p>                        <\/div>\r\n                    <\/div>\r\n                                    <div class=\"bdt-accordion-item\">\r\n                        <div class=\"bdt-accordion-title bdt-flex bdt-flex-middle bdt-flex-between\" id=\"bdt-accordion-qu-otras-actividades-puedo-hacer-el-alumni\" data-accordion-index=\"5\" data-title=\"qu-otras-actividades-puedo-hacer-el-alumni\" role=\"heading\">\r\n\r\n                                                            <span class=\"bdt-accordion-icon bdt-flex-align-right\" aria-hidden=\"true\">\r\n\r\n                                                                            <span class=\"bdt-accordion-icon-closed\">\r\n                                            <svg aria-hidden=\"true\" class=\"fa-fw e-font-icon-svg e-fas-plus\" viewBox=\"0 0 448 512\" xmlns=\"http:\/\/www.w3.org\/2000\/svg\"><path d=\"M416 208H272V64c0-17.67-14.33-32-32-32h-32c-17.67 0-32 14.33-32 32v144H32c-17.67 0-32 14.33-32 32v32c0 17.67 14.33 32 32 32h144v144c0 17.67 14.33 32 32 32h32c17.67 0 32-14.33 32-32V304h144c17.67 0 32-14.33 32-32v-32c0-17.67-14.33-32-32-32z\"><\/path><\/svg>                                        <\/span>\r\n                                    \r\n                                                                            <span class=\"bdt-accordion-icon-opened\">\r\n                                            <svg aria-hidden=\"true\" class=\"fa-fw e-font-icon-svg e-fas-minus\" viewBox=\"0 0 448 512\" xmlns=\"http:\/\/www.w3.org\/2000\/svg\"><path d=\"M416 208H32c-17.67 0-32 14.33-32 32v32c0 17.67 14.33 32 32 32h384c17.67 0 32-14.33 32-32v-32c0-17.67-14.33-32-32-32z\"><\/path><\/svg>                                        <\/span>\r\n                                    \r\n                                <\/span>\r\n                            \r\n                            <span class=\"bdt-title bdt-flex bdt-flex-middle\">\r\n\r\n                                                                \u00bfQu\u00e9 otras Actividades puedo hacer el Alumni?                            <\/span>\r\n\r\n                        <\/div>\r\n                        <div class=\"bdt-accordion-content\">\r\n                            <p>Adem\u00e1s de los beneficios que te mostramos, como asociado o asociada ALUMNI podr\u00e1s votar las decisiones m\u00e1s importantes de la Asociaci\u00f3n, conformar, previa autorizaci\u00f3n comit\u00e9s, comisiones o grupos de trabajo, participar activamente en las actividades de la mesa directiva u organizar la planilla para formar la tuya. La duraci\u00f3n de la gesti\u00f3n es hasta por dos a\u00f1os.<\/p>                        <\/div>\r\n                    <\/div>\r\n                                    <div class=\"bdt-accordion-item\">\r\n                        <div class=\"bdt-accordion-title bdt-flex bdt-flex-middle bdt-flex-between\" id=\"bdt-accordion-qu-puedes-hacer-sino-eres-exalumn\" data-accordion-index=\"6\" data-title=\"qu-puedes-hacer-sino-eres-exalumn\" role=\"heading\">\r\n\r\n                                                            <span class=\"bdt-accordion-icon bdt-flex-align-right\" aria-hidden=\"true\">\r\n\r\n                                                                            <span class=\"bdt-accordion-icon-closed\">\r\n                                            <svg aria-hidden=\"true\" class=\"fa-fw e-font-icon-svg e-fas-plus\" viewBox=\"0 0 448 512\" xmlns=\"http:\/\/www.w3.org\/2000\/svg\"><path d=\"M416 208H272V64c0-17.67-14.33-32-32-32h-32c-17.67 0-32 14.33-32 32v144H32c-17.67 0-32 14.33-32 32v32c0 17.67 14.33 32 32 32h144v144c0 17.67 14.33 32 32 32h32c17.67 0 32-14.33 32-32V304h144c17.67 0 32-14.33 32-32v-32c0-17.67-14.33-32-32-32z\"><\/path><\/svg>                                        <\/span>\r\n                                    \r\n                                                                            <span class=\"bdt-accordion-icon-opened\">\r\n                                            <svg aria-hidden=\"true\" class=\"fa-fw e-font-icon-svg e-fas-minus\" viewBox=\"0 0 448 512\" xmlns=\"http:\/\/www.w3.org\/2000\/svg\"><path d=\"M416 208H32c-17.67 0-32 14.33-32 32v32c0 17.67 14.33 32 32 32h384c17.67 0 32-14.33 32-32v-32c0-17.67-14.33-32-32-32z\"><\/path><\/svg>                                        <\/span>\r\n                                    \r\n                                <\/span>\r\n                            \r\n                            <span class=\"bdt-title bdt-flex bdt-flex-middle\">\r\n\r\n                                                                \u00bfQu\u00e9 puedes hacer sino eres Exalumn@?                            <\/span>\r\n\r\n                        <\/div>\r\n                        <div class=\"bdt-accordion-content\">\r\n                            <p>Si no eres exalumna o exalumno de la Ibero Le\u00f3n y deseas participar en voluntariado o servicio, puedes dar <a href=\"https:\/\/alumniberoleon.org\/index.php\/voluntariado\/\">clic aqu\u00ed<\/a>. Si deseas hacer una alianza o vinculaci\u00f3n con nosotros puedes ir a la secci\u00f3n de <a href=\"https:\/\/alumniberoleon.org\/index.php\/contacto\/\">contacto<\/a>.<\/p>                        <\/div>\r\n                    <\/div>\r\n                            <\/div>\r\n        <\/div>\r\n\t\t\t\t<\/div>\n\t\t\t\t<\/div>\n\t\t\t\t<div class=\"elementor-element elementor-element-f8339ff animated-slow elementor-invisible elementor-widget elementor-widget-accordion\" data-id=\"f8339ff\" data-element_type=\"widget\" data-settings=\"{&quot;_animation&quot;:&quot;fadeIn&quot;,&quot;_animation_delay&quot;:150}\" data-widget_type=\"accordion.default\">\n\t\t\t\t\t\t\t<div class=\"elementor-accordion\">\n\t\t\t\t\t\t\t<div class=\"elementor-accordion-item\">\n\t\t\t\t\t<div id=\"elementor-tab-title-2601\" class=\"elementor-tab-title\" data-tab=\"1\" role=\"button\" aria-controls=\"elementor-tab-content-2601\" aria-expanded=\"false\">\n\t\t\t\t\t\t\t\t\t\t\t\t\t<span class=\"elementor-accordion-icon elementor-accordion-icon-left\" aria-hidden=\"true\">\n\t\t\t\t\t\t\t\t\t\t\t\t\t\t\t<span class=\"elementor-accordion-icon-closed\"><svg class=\"e-font-icon-svg e-fas-chevron-down\" viewBox=\"0 0 448 512\" xmlns=\"http:\/\/www.w3.org\/2000\/svg\"><path d=\"M207.029 381.476L12.686 187.132c-9.373-9.373-9.373-24.569 0-33.941l22.667-22.667c9.357-9.357 24.522-9.375 33.901-.04L224 284.505l154.745-154.021c9.379-9.335 24.544-9.317 33.901.04l22.667 22.667c9.373 9.373 9.373 24.569 0 33.941L240.971 381.476c-9.373 9.372-24.569 9.372-33.942 0z\"><\/path><\/svg><\/span>\n\t\t\t\t\t\t\t\t<span class=\"elementor-accordion-icon-opened\"><svg class=\"e-font-icon-svg e-fas-minus\" viewBox=\"0 0 448 512\" xmlns=\"http:\/\/www.w3.org\/2000\/svg\"><path d=\"M416 208H32c-17.67 0-32 14.33-32 32v32c0 17.67 14.33 32 32 32h384c17.67 0 32-14.33 32-32v-32c0-17.67-14.33-32-32-32z\"><\/path><\/svg><\/span>\n\t\t\t\t\t\t\t\t\t\t\t\t\t\t<\/span>\n\t\t\t\t\t\t\t\t\t\t\t\t<a class=\"elementor-accordion-title\" tabindex=\"0\">\u00bfC\u00f3mo participo si no soy exalumn@?<\/a>\n\t\t\t\t\t<\/div>\n\t\t\t\t\t<div id=\"elementor-tab-content-2601\" class=\"elementor-tab-content elementor-clearfix\" data-tab=\"1\" role=\"region\" aria-labelledby=\"elementor-tab-title-2601\"><\/div>\n\t\t\t\t<\/div>\n\t\t\t\t\t\t\t\t<\/div>\n\t\t\t\t\t\t<\/div>\n\t\t\t\t<div class=\"elementor-element elementor-element-4055720 elementor-button-success elementor-align-center elementor-widget elementor-widget-button\" data-id=\"4055720\" data-element_type=\"widget\" data-widget_type=\"button.default\">\n\t\t\t\t\t\t\t\t\t\t<a class=\"elementor-button elementor-button-link elementor-size-sm\" href=\"#\">\n\t\t\t\t\t\t<span class=\"elementor-button-content-wrapper\">\n\t\t\t\t\t\t\t\t\t<span class=\"elementor-button-text\">Afiliarme a ALUMNI<\/span>\n\t\t\t\t\t<\/span>\n\t\t\t\t\t<\/a>\n\t\t\t\t\t\t\t\t<\/div>\n\t\t\t\t\t<\/div>\n\t\t\t\t<\/div>\n\t\t\t\t<\/div>\n\t\t","protected":false},"excerpt":{"rendered":"<p>\u00bfQu\u00e9 es ALUMNI Ibero Le\u00f3n? ALUMNI LE\u00d3N es la asociaci\u00f3n civil que vincula a la comunidad de egresados con la sociedad para transformarla a trav\u00e9s de la filosof\u00eda ignaciana. Ayudamos a consolidar el sentido de pertenencia de exalumnas y exalumnos con la IBERO. \u00bfQuienes pueden participar? Cualquier exalumna o exalumno de la Universidad Iberoamericana Le\u00f3n&#8230;<\/p>\n","protected":false},"author":2,"featured_media":0,"parent":0,"menu_order":0,"comment_status":"closed","ping_status":"closed","template":"","meta":{"content-type":"","_monsterinsights_skip_tracking":false,"_monsterinsights_sitenote_active":false,"_monsterinsights_sitenote_note":"","_monsterinsights_sitenote_category":0,"footnotes":""},"class_list":["post-2064","page","type-page","status-publish","hentry"],"yoast_head":"<!-- This site is optimized with the Yoast SEO plugin v25.7 - https:\/\/yoast.com\/wordpress\/plugins\/seo\/ -->\n<title>Af\u00edliate a ALUMNI - Alumni Ibero Le\u00f3n<\/title>\n<meta name=\"robots\" content=\"index, follow, max-snippet:-1, max-image-preview:large, max-video-preview:-1\" \/>\n<link rel=\"canonical\" href=\"https:\/\/alumniberoleon.org\/index.php\/afiliate-a-alumni\/\" \/>\n<meta property=\"og:locale\" content=\"es_ES\" \/>\n<meta property=\"og:type\" content=\"article\" \/>\n<meta property=\"og:title\" content=\"Af\u00edliate a ALUMNI - Alumni Ibero Le\u00f3n\" \/>\n<meta property=\"og:description\" content=\"\u00bfQu\u00e9 es ALUMNI Ibero Le\u00f3n? ALUMNI LE\u00d3N es la asociaci\u00f3n civil que vincula a la comunidad de egresados con la sociedad para transformarla a trav\u00e9s de la filosof\u00eda ignaciana. Ayudamos a consolidar el sentido de pertenencia de exalumnas y exalumnos con la IBERO. \u00bfQuienes pueden participar? Cualquier exalumna o exalumno de la Universidad Iberoamericana Le\u00f3n...\" \/>\n<meta property=\"og:url\" content=\"https:\/\/alumniberoleon.org\/index.php\/afiliate-a-alumni\/\" \/>\n<meta property=\"og:site_name\" content=\"Alumni Ibero Le\u00f3n\" \/>\n<meta property=\"article:modified_time\" content=\"2025-08-16T04:17:49+00:00\" \/>\n<meta name=\"twitter:card\" content=\"summary_large_image\" \/>\n<meta name=\"twitter:label1\" content=\"Tiempo de lectura\" \/>\n\t<meta name=\"twitter:data1\" content=\"2 minutos\" \/>\n<script type=\"application\/ld+json\" class=\"yoast-schema-graph\">{\"@context\":\"https:\/\/schema.org\",\"@graph\":[{\"@type\":\"WebPage\",\"@id\":\"https:\/\/alumniberoleon.org\/index.php\/afiliate-a-alumni\/\",\"url\":\"https:\/\/alumniberoleon.org\/index.php\/afiliate-a-alumni\/\",\"name\":\"Af\u00edliate a ALUMNI - Alumni Ibero Le\u00f3n\",\"isPartOf\":{\"@id\":\"https:\/\/alumniberoleon.org\/#website\"},\"datePublished\":\"2025-08-16T04:04:56+00:00\",\"dateModified\":\"2025-08-16T04:17:49+00:00\",\"breadcrumb\":{\"@id\":\"https:\/\/alumniberoleon.org\/index.php\/afiliate-a-alumni\/#breadcrumb\"},\"inLanguage\":\"es\",\"potentialAction\":[{\"@type\":\"ReadAction\",\"target\":[\"https:\/\/alumniberoleon.org\/index.php\/afiliate-a-alumni\/\"]}]},{\"@type\":\"BreadcrumbList\",\"@id\":\"https:\/\/alumniberoleon.org\/index.php\/afiliate-a-alumni\/#breadcrumb\",\"itemListElement\":[{\"@type\":\"ListItem\",\"position\":1,\"name\":\"Portada\",\"item\":\"https:\/\/alumniberoleon.org\/\"},{\"@type\":\"ListItem\",\"position\":2,\"name\":\"Af\u00edliate a ALUMNI\"}]},{\"@type\":\"WebSite\",\"@id\":\"https:\/\/alumniberoleon.org\/#website\",\"url\":\"https:\/\/alumniberoleon.org\/\",\"name\":\"Alumni Ibero Le\u00f3n\",\"description\":\"Activando la comunidad de exalumn@s de la Universidad Iberoamericana Le\u00f3n\",\"publisher\":{\"@id\":\"https:\/\/alumniberoleon.org\/#organization\"},\"potentialAction\":[{\"@type\":\"SearchAction\",\"target\":{\"@type\":\"EntryPoint\",\"urlTemplate\":\"https:\/\/alumniberoleon.org\/?s={search_term_string}\"},\"query-input\":{\"@type\":\"PropertyValueSpecification\",\"valueRequired\":true,\"valueName\":\"search_term_string\"}}],\"inLanguage\":\"es\"},{\"@type\":\"Organization\",\"@id\":\"https:\/\/alumniberoleon.org\/#organization\",\"name\":\"Alumni Ibero Le\u00f3n\",\"url\":\"https:\/\/alumniberoleon.org\/\",\"logo\":{\"@type\":\"ImageObject\",\"inLanguage\":\"es\",\"@id\":\"https:\/\/alumniberoleon.org\/#\/schema\/logo\/image\/\",\"url\":\"https:\/\/alumniberoleon.org\/wp-content\/uploads\/2025\/08\/Captura-de-pantalla-2025-08-16-a-las-5.02.38-p.-m.png\",\"contentUrl\":\"https:\/\/alumniberoleon.org\/wp-content\/uploads\/2025\/08\/Captura-de-pantalla-2025-08-16-a-las-5.02.38-p.-m.png\",\"width\":296,\"height\":260,\"caption\":\"Alumni Ibero Le\u00f3n\"},\"image\":{\"@id\":\"https:\/\/alumniberoleon.org\/#\/schema\/logo\/image\/\"}}]}<\/script>\n<!-- \/ Yoast SEO plugin. -->","yoast_head_json":{"title":"Af\u00edliate a ALUMNI - Alumni Ibero Le\u00f3n","robots":{"index":"index","follow":"follow","max-snippet":"max-snippet:-1","max-image-preview":"max-image-preview:large","max-video-preview":"max-video-preview:-1"},"canonical":"https:\/\/alumniberoleon.org\/index.php\/afiliate-a-alumni\/","og_locale":"es_ES","og_type":"article","og_title":"Af\u00edliate a ALUMNI - Alumni Ibero Le\u00f3n","og_description":"\u00bfQu\u00e9 es ALUMNI Ibero Le\u00f3n? ALUMNI LE\u00d3N es la asociaci\u00f3n civil que vincula a la comunidad de egresados con la sociedad para transformarla a trav\u00e9s de la filosof\u00eda ignaciana. Ayudamos a consolidar el sentido de pertenencia de exalumnas y exalumnos con la IBERO. \u00bfQuienes pueden participar? Cualquier exalumna o exalumno de la Universidad Iberoamericana Le\u00f3n...","og_url":"https:\/\/alumniberoleon.org\/index.php\/afiliate-a-alumni\/","og_site_name":"Alumni Ibero Le\u00f3n","article_modified_time":"2025-08-16T04:17:49+00:00","twitter_card":"summary_large_image","twitter_misc":{"Tiempo de lectura":"2 minutos"},"schema":{"@context":"https:\/\/schema.org","@graph":[{"@type":"WebPage","@id":"https:\/\/alumniberoleon.org\/index.php\/afiliate-a-alumni\/","url":"https:\/\/alumniberoleon.org\/index.php\/afiliate-a-alumni\/","name":"Af\u00edliate a ALUMNI - Alumni Ibero Le\u00f3n","isPartOf":{"@id":"https:\/\/alumniberoleon.org\/#website"},"datePublished":"2025-08-16T04:04:56+00:00","dateModified":"2025-08-16T04:17:49+00:00","breadcrumb":{"@id":"https:\/\/alumniberoleon.org\/index.php\/afiliate-a-alumni\/#breadcrumb"},"inLanguage":"es","potentialAction":[{"@type":"ReadAction","target":["https:\/\/alumniberoleon.org\/index.php\/afiliate-a-alumni\/"]}]},{"@type":"BreadcrumbList","@id":"https:\/\/alumniberoleon.org\/index.php\/afiliate-a-alumni\/#breadcrumb","itemListElement":[{"@type":"ListItem","position":1,"name":"Portada","item":"https:\/\/alumniberoleon.org\/"},{"@type":"ListItem","position":2,"name":"Af\u00edliate a ALUMNI"}]},{"@type":"WebSite","@id":"https:\/\/alumniberoleon.org\/#website","url":"https:\/\/alumniberoleon.org\/","name":"Alumni Ibero Le\u00f3n","description":"Activando la comunidad de exalumn@s de la Universidad Iberoamericana Le\u00f3n","publisher":{"@id":"https:\/\/alumniberoleon.org\/#organization"},"potentialAction":[{"@type":"SearchAction","target":{"@type":"EntryPoint","urlTemplate":"https:\/\/alumniberoleon.org\/?s={search_term_string}"},"query-input":{"@type":"PropertyValueSpecification","valueRequired":true,"valueName":"search_term_string"}}],"inLanguage":"es"},{"@type":"Organization","@id":"https:\/\/alumniberoleon.org\/#organization","name":"Alumni Ibero Le\u00f3n","url":"https:\/\/alumniberoleon.org\/","logo":{"@type":"ImageObject","inLanguage":"es","@id":"https:\/\/alumniberoleon.org\/#\/schema\/logo\/image\/","url":"https:\/\/alumniberoleon.org\/wp-content\/uploads\/2025\/08\/Captura-de-pantalla-2025-08-16-a-las-5.02.38-p.-m.png","contentUrl":"https:\/\/alumniberoleon.org\/wp-content\/uploads\/2025\/08\/Captura-de-pantalla-2025-08-16-a-las-5.02.38-p.-m.png","width":296,"height":260,"caption":"Alumni Ibero Le\u00f3n"},"image":{"@id":"https:\/\/alumniberoleon.org\/#\/schema\/logo\/image\/"}}]}},"_links":{"self":[{"href":"https:\/\/alumniberoleon.org\/index.php\/wp-json\/wp\/v2\/pages\/2064","targetHints":{"allow":["GET"]}}],"collection":[{"href":"https:\/\/alumniberoleon.org\/index.php\/wp-json\/wp\/v2\/pages"}],"about":[{"href":"https:\/\/alumniberoleon.org\/index.php\/wp-json\/wp\/v2\/types\/page"}],"author":[{"embeddable":true,"href":"https:\/\/alumniberoleon.org\/index.php\/wp-json\/wp\/v2\/users\/2"}],"replies":[{"embeddable":true,"href":"https:\/\/alumniberoleon.org\/index.php\/wp-json\/wp\/v2\/comments?post=2064"}],"version-history":[{"count":10,"href":"https:\/\/alumniberoleon.org\/index.php\/wp-json\/wp\/v2\/pages\/2064\/revisions"}],"predecessor-version":[{"id":2076,"href":"https:\/\/alumniberoleon.org\/index.php\/wp-json\/wp\/v2\/pages\/2064\/revisions\/2076"}],"wp:attachment":[{"href":"https:\/\/alumniberoleon.org\/index.php\/wp-json\/wp\/v2\/media?parent=2064"}],"curies":[{"name":"wp","href":"https:\/\/api.w.org\/{rel}","templated":true}]}}